{"version":"1.0","provider_name":"BALATON NEKED","provider_url":"https:\/\/balatonneked.com\/fr","author_name":"-","author_url":"https:\/\/balatonneked.com\/fr\/author\/tamasildiko\/","title":"Balaton Boat Show a h\u00e9tv\u00e9g\u00e9n Balatonkenes\u00e9n - BALATON NEKED","type":"rich","width":600,"height":338,"html":"<blockquote class=\"wp-embedded-content\" data-secret=\"CYVZuMj174\"><a href=\"https:\/\/balatonneked.com\/fr\/2019\/09\/03\/balaton-boat-show-a-hetvegen-balatonkenesen\/\">Balaton Boat Show a h\u00e9tv\u00e9g\u00e9n Balatonkenes\u00e9n<\/a><\/blockquote><iframe sandbox=\"allow-scripts\" security=\"restricted\" src=\"https:\/\/balatonneked.com\/fr\/2019\/09\/03\/balaton-boat-show-a-hetvegen-balatonkenesen\/embed\/#?secret=CYVZuMj174\" width=\"600\" height=\"338\" title=\"\u00ab\u00a0Balaton Boat Show a h\u00e9tv\u00e9g\u00e9n Balatonkenes\u00e9n\u00a0\u00bb &#8212; BALATON NEKED\" data-secret=\"CYVZuMj174\" frameborder=\"0\" marginwidth=\"0\" marginheight=\"0\" scrolling=\"no\" class=\"wp-embedded-content\"><\/iframe><script type=\"text\/javascript\">\n\/* <![CDATA[ *\/\n\/*! This file is auto-generated *\/\n!function(d,l){\"use strict\";l.querySelector&&d.addEventListener&&\"undefined\"!=typeof URL&&(d.wp=d.wp||{},d.wp.receiveEmbedMessage||(d.wp.receiveEmbedMessage=function(e){var t=e.data;if((t||t.secret||t.message||t.value)&&!\/[^a-zA-Z0-9]\/.test(t.secret)){for(var s,r,n,a=l.querySelectorAll('iframe[data-secret=\"'+t.secret+'\"]'),o=l.querySelectorAll('blockquote[data-secret=\"'+t.secret+'\"]'),c=new RegExp(\"^https?:$\",\"i\"),i=0;i<o.length;i++)o[i].style.display=\"none\";for(i=0;i<a.length;i++)s=a[i],e.source===s.contentWindow&&(s.removeAttribute(\"style\"),\"height\"===t.message?(1e3<(r=parseInt(t.value,10))?r=1e3:~~r<200&&(r=200),s.height=r):\"link\"===t.message&&(r=new URL(s.getAttribute(\"src\")),n=new URL(t.value),c.test(n.protocol))&&n.host===r.host&&l.activeElement===s&&(d.top.location.href=t.value))}},d.addEventListener(\"message\",d.wp.receiveEmbedMessage,!1),l.addEventListener(\"DOMContentLoaded\",function(){for(var e,t,s=l.querySelectorAll(\"iframe.wp-embedded-content\"),r=0;r<s.length;r++)(t=(e=s[r]).getAttribute(\"data-secret\"))||(t=Math.random().toString(36).substring(2,12),e.src+=\"#?secret=\"+t,e.setAttribute(\"data-secret\",t)),e.contentWindow.postMessage({message:\"ready\",secret:t},\"*\")},!1)))}(window,document);\n\/* ]]> *\/\n<\/script>","thumbnail_url":"https:\/\/balatonneked.com\/wp-content\/uploads\/2019\/09\/balaton-boat-show.png","thumbnail_width":409,"thumbnail_height":312,"description":"\u201eTavaly is rekordsz\u00e1m\u00fa vend\u00e9g j\u00f6tt el v\u00edzen \u00e9s parton ki\u00e1ll\u00edtott t\u00f6bb mint 60 vitorl\u00e1st, motorost \u00e9s elektromos haj\u00f3t, valamint rengeteg haj\u00f3z\u00e1si kieg\u00e9sz\u00edt\u0151t, ruh\u00e1zatot felvonultat\u00f3 rendezv\u00e9nyre. Az id\u00e9n m\u00e9g t\u00f6bben lesznek, ugyanis a v\u00edzi ki\u00e1ll\u00edt\u00f3helyek m\u00e1r j\u00faniusban beteltek, a sz\u00e1razf\u00f6ld\u00f6n \u00e9s v\u00edzen bemutatott haj\u00f3k, motorcs\u00f3nakok, elektrojetek sz\u00e1ma megk\u00f6zel\u00edti a sz\u00e1zat\u201d \u2013 mondta R\u00e1polthy Edit, a ki\u00e1ll\u00edt\u00e1s [&hellip;]"}