{"version":"1.0","provider_name":"BALATON NEKED","provider_url":"https:\/\/balatonneked.com\/fr","author_name":"-","author_url":"https:\/\/balatonneked.com\/fr\/author\/tamasildiko\/","title":"Als\u00f3\u00f6rsi Boldog Gizella Kir\u00e1lyn\u00e9 R\u00f3mai Katolikus Templom - BALATON NEKED","type":"rich","width":600,"height":338,"html":"<blockquote class=\"wp-embedded-content\" data-secret=\"NofGNYwHoE\"><a href=\"https:\/\/balatonneked.com\/fr\/2018\/10\/28\/alsoorsi-boldog-gizella-kiralyne-romai-katolikus-templom\/\">Als\u00f3\u00f6rsi Boldog Gizella Kir\u00e1lyn\u00e9 R\u00f3mai Katolikus Templom<\/a><\/blockquote><iframe sandbox=\"allow-scripts\" security=\"restricted\" src=\"https:\/\/balatonneked.com\/fr\/2018\/10\/28\/alsoorsi-boldog-gizella-kiralyne-romai-katolikus-templom\/embed\/#?secret=NofGNYwHoE\" width=\"600\" height=\"338\" title=\"\u00ab\u00a0Als\u00f3\u00f6rsi Boldog Gizella Kir\u00e1lyn\u00e9 R\u00f3mai Katolikus Templom\u00a0\u00bb &#8212; BALATON NEKED\" data-secret=\"NofGNYwHoE\" frameborder=\"0\" marginwidth=\"0\" marginheight=\"0\" scrolling=\"no\" class=\"wp-embedded-content\"><\/iframe><script type=\"text\/javascript\">\n\/* <![CDATA[ *\/\n\/*! This file is auto-generated *\/\n!function(d,l){\"use strict\";l.querySelector&&d.addEventListener&&\"undefined\"!=typeof URL&&(d.wp=d.wp||{},d.wp.receiveEmbedMessage||(d.wp.receiveEmbedMessage=function(e){var t=e.data;if((t||t.secret||t.message||t.value)&&!\/[^a-zA-Z0-9]\/.test(t.secret)){for(var s,r,n,a=l.querySelectorAll('iframe[data-secret=\"'+t.secret+'\"]'),o=l.querySelectorAll('blockquote[data-secret=\"'+t.secret+'\"]'),c=new RegExp(\"^https?:$\",\"i\"),i=0;i<o.length;i++)o[i].style.display=\"none\";for(i=0;i<a.length;i++)s=a[i],e.source===s.contentWindow&&(s.removeAttribute(\"style\"),\"height\"===t.message?(1e3<(r=parseInt(t.value,10))?r=1e3:~~r<200&&(r=200),s.height=r):\"link\"===t.message&&(r=new URL(s.getAttribute(\"src\")),n=new URL(t.value),c.test(n.protocol))&&n.host===r.host&&l.activeElement===s&&(d.top.location.href=t.value))}},d.addEventListener(\"message\",d.wp.receiveEmbedMessage,!1),l.addEventListener(\"DOMContentLoaded\",function(){for(var e,t,s=l.querySelectorAll(\"iframe.wp-embedded-content\"),r=0;r<s.length;r++)(t=(e=s[r]).getAttribute(\"data-secret\"))||(t=Math.random().toString(36).substring(2,12),e.src+=\"#?secret=\"+t,e.setAttribute(\"data-secret\",t)),e.contentWindow.postMessage({message:\"ready\",secret:t},\"*\")},!1)))}(window,document);\n\/* ]]> *\/\n<\/script>","thumbnail_url":"https:\/\/balatonneked.com\/wp-content\/uploads\/2018\/10\/R\u00f3mai-Katolikus-templom.jpg","thumbnail_width":800,"thumbnail_height":600,"description":"Als\u00f3\u00f6rs, Endr\u0151di S\u00e1ndor utca 16-18. Als\u00f3\u00f6rs r\u00f3mai katolikus h\u00edveit 1799-t\u0151l a paloznaki, 1941-t\u0151l 1945-ig a fels\u0151\u00f6rsi pl\u00e9b\u00e1nia gondozta. Az egyh\u00e1z 1925-ben telket vett, erre k\u00e1poln\u00e1t emeltek, amelyhez harangl\u00e1b is tartozott.1936-ig sekresty\u00e9t \u00e9s paplak\u00e1st is \u00e9p\u00edtettek. 1945-ben a gyerekek sz\u00e1m\u00e1rnak n\u00f6veked\u00e9se miatt r\u00f3mai katolikus iskol\u00e1t l\u00e9tes\u00edtettek, amelyet helyis\u00e9g hi\u00e1ny\u00e1ban a k\u00e1poln\u00e1ban helyeztek el ideiglenesen oly m\u00f3don, [&hellip;]"}